{"id":59076,"date":"2024-10-28T13:16:40","date_gmt":"2024-10-28T11:16:40","guid":{"rendered":"https:\/\/bilbaogazte.bilbao.eus\/es\/?page_id=59076"},"modified":"2026-09-01T17:24:14","modified_gmt":"2026-09-01T15:24:14","slug":"agenda-bilborock","status":"publish","type":"page","link":"https:\/\/bilbaogazte.bilbao.eus\/es\/bilborock\/agenda-bilborock\/","title":{"rendered":"Agenda de Bilborock"},"content":{"rendered":"<p>[vc_row][vc_column][vc_column_text][\/vc_column_text][\/vc_column][\/vc_row][vc_row][vc_column][vc_column_text][\/vc_column_text][\/vc_column][\/vc_row][vc_row][vc_column][\/vc_column][\/vc_row][vc_row][vc_column][\/vc_column][\/vc_row][vc_row][vc_column][\/vc_column][\/vc_row][vc_row][vc_column][vc_single_image image=\u00bb68624&#8243; img_size=\u00bbfull\u00bb][vc_column_text]\u00a1La programaci\u00f3n de septiembre en #Bilborock!<\/p>\n<p>Este mes &#8230; comedia, m\u00fasica, presentaciones &#8230;<\/p>\n<p>Aqu\u00ed puedes\u00a0 ver el programa completo:[\/vc_column_text][\/vc_column][\/vc_row][vc_row][vc_column][vc_custom_heading text=\u00bbSEPTIEMBRE 2026&#8243; google_fonts=\u00bbfont_family:Raleway%3A100%2C200%2C300%2Cregular%2C500%2C600%2C700%2C800%2C900|font_style:400%20regular%3A400%3Anormal\u00bb][\/vc_column][\/vc_row][vc_row][vc_column][vc_tta_accordion][vc_tta_section title=\u00bb5-6 septiembre &gt; BILBAO OPEN RUBIK 2026&#8243; tab_id=\u00bb1779720510692-bf0bb73c-e391&#8243;][vc_column_text]<strong>S\u00e1bado 9:00 &#8211; 14:30; 15:30 &#8211; 20:20 \/ Domingo 9:00 &#8211; 14:00<\/strong><\/p>\n<p>El Bilbao Open Rubik vuelve a Bilborock para su XII. Edici\u00f3n, reuniendo a 80 j\u00f3venes locales y visitantes para disfrutar de un finde \u00a1lleno de cubos y colores!<\/p>\n<p>@euskalcubing<\/p>\n<p><strong>Inscripci\u00f3n<\/strong>[\/vc_column_text][\/vc_tta_section][vc_tta_section title=\u00bb8 de septiembre &gt; EL AMANECER DEL VENTR\u00cdLOCUO\u00bb tab_id=\u00bb1779721067130-cfdc97f8-f9ac\u00bb][vc_column_text]<strong>19:00<\/strong><\/p>\n<p>Presentaci\u00f3n del director y proyecci\u00f3n de la pel\u00edcula El Amanecer del Ventr\u00edlocuo.Tras encontrar un antiguo mu\u00f1eco de ventr\u00edlocuo en unas ruinas abandonadas, un adolescente reprimido comienza a ser consumido por una entidad demon\u00edaca que despierta su lado m\u00e1s oscuro y amenaza con destruir a todos a su alrededor.<\/p>\n<p>@daanii_rodrigueeezz<\/p>\n<p><strong>Gratis<\/strong>[\/vc_column_text][\/vc_tta_section][vc_tta_section title=\u00bb10 de septiembre &gt; ALEJANDRO ASTOLA: Mi guitarra y yo. En ac\u00fastico\u00bb tab_id=\u00bb1779720698776-40324462-9742&#8243;][vc_column_text]<strong>21:00<\/strong><\/p>\n<p>El artista Sevillano Alejandro Astola presenta su primera gira en solitario \u00abMi Guitarra y Yo\u00bb. Guitarra, voz&#8230; y un sof\u00e1. M\u00e1s de 20.000 entradas vendidas y siete canciones publicadas con millones de reproducciones en plataformas.<\/p>\n<p>@astola__<\/p>\n<p><a href=\"http:\/\/vivaticket.es\/ticket\/alejandro-astola-bilbao-2a-fecha\/14917\" target=\"_blank\" rel=\"noopener\"><strong>Entradas<\/strong><\/a>[\/vc_column_text][\/vc_tta_section][vc_tta_section title=\u00bb11 de septiembre &gt; HARANA + HASPEREN\u00bb tab_id=\u00bb1779721283518-b70fcbe1-f938&#8243;][vc_column_text]<strong>20:00<\/strong><\/p>\n<p>Los grupos bilba\u00ednos Harana y Hasperen presentan sus primeros trabajos de estudio, \u00abHurbil\u00bb y \u00abTxorien Helmuga\u00bb.<\/p>\n<p>@harana_naz @hasperen_b<\/p>\n<p><strong>Entradas: 10 \u20ac<\/strong><\/p>\n<p><a href=\"http:\/\/entradium.com\/events\/harana-hasperen-kontzertua\" target=\"_blank\" rel=\"noopener\"><strong>Entradas<\/strong><\/a>[\/vc_column_text][\/vc_tta_section][vc_tta_section title=\u00bb15 de septiembre &gt; IMAGINAUTAK\u00bb tab_id=\u00bb1779721490427-dfdbbdca-7f1e\u00bb][vc_column_text]<strong>18:00<\/strong><\/p>\n<p>Encuentro de mentes creativas<\/p>\n<p>@imaginautak<\/p>\n<p><strong>Gratis<\/strong>[\/vc_column_text][\/vc_tta_section][vc_tta_section title=\u00bb17 de septiembre &gt; LA IRA en directo\u00bb tab_id=\u00bb1779721740864-5bf89ab1-3eb5&#8243;][vc_column_text]<strong>20:00<\/strong><\/p>\n<p>Presentaci\u00f3n del podcast \u201cLa Ira\u201d de Irantzu Varela<\/p>\n<p>@irantzu_varela<\/p>\n<p><strong>Entradas: 12- 15\u20ac<\/strong><\/p>\n<p><a href=\"http:\/\/entradas.irantzuvarela.com\/web\/?menu=1162&amp;pagina=entradas&amp;item=62201&amp;siteID=irantzuvarela\" target=\"_blank\" rel=\"noopener\"><strong>Venta de entradas<\/strong><\/a>[\/vc_column_text][\/vc_tta_section][vc_tta_section title=\u00bb18 de septiembre &gt; KUTXABANK KANPUS. AURKEZPENA\u00bb tab_id=\u00bb1779721858590-0969b8ec-35ff\u00bb][vc_column_text]<strong>21:00<\/strong><\/p>\n<p>Presentaci\u00f3n del Campus KUTXABANK. Exhibici\u00f3n de DJs de Countdown. Presentado por Anepe Acedo. Photocall. Sorpresas.<\/p>\n<p><strong>Con invitaci\u00f3n<\/strong><\/p>\n<p><a href=\"http:\/\/clientes.kutxabank.es\/es\/kanpus\/premios\" target=\"_blank\" rel=\"noopener\"><strong>M\u00e1s informaci\u00f3n<\/strong><\/a>[\/vc_column_text][\/vc_tta_section][\/vc_tta_accordion][\/vc_column][\/vc_row][vc_row][vc_column][vc_single_image image=\u00bb68627&#8243; img_size=\u00bbfull\u00bb][\/vc_column][\/vc_row]<\/p>\n","protected":false},"excerpt":{"rendered":"<p class=\"entry-summary\">\u00a1La programaci\u00f3n de septiembre en #Bilborock! Este mes &#8230; comedia, m\u00fasica, presentaciones &#8230; Aqu\u00ed puedes\u00a0 ver&hellip;<\/p>\n<div class=\"link-more\"><a href=\"https:\/\/bilbaogazte.bilbao.eus\/es\/bilborock\/agenda-bilborock\/\" class=\"more-link\">Continue reading<span class=\"screen-reader-text\"> &ldquo;Agenda de Bilborock&rdquo;<\/span>&hellip;<\/a><\/div>","protected":false},"author":79,"featured_media":0,"parent":512,"menu_order":0,"comment_status":"closed","ping_status":"closed","template":"","meta":{"footnotes":""},"_links":{"self":[{"href":"https:\/\/bilbaogazte.bilbao.eus\/es\/wp-json\/wp\/v2\/pages\/59076"}],"collection":[{"href":"https:\/\/bilbaogazte.bilbao.eus\/es\/wp-json\/wp\/v2\/pages"}],"about":[{"href":"https:\/\/bilbaogazte.bilbao.eus\/es\/wp-json\/wp\/v2\/types\/page"}],"author":[{"embeddable":true,"href":"https:\/\/bilbaogazte.bilbao.eus\/es\/wp-json\/wp\/v2\/users\/79"}],"replies":[{"embeddable":true,"href":"https:\/\/bilbaogazte.bilbao.eus\/es\/wp-json\/wp\/v2\/comments?post=59076"}],"version-history":[{"count":324,"href":"https:\/\/bilbaogazte.bilbao.eus\/es\/wp-json\/wp\/v2\/pages\/59076\/revisions"}],"predecessor-version":[{"id":67710,"href":"https:\/\/bilbaogazte.bilbao.eus\/es\/wp-json\/wp\/v2\/pages\/59076\/revisions\/67710"}],"up":[{"embeddable":true,"href":"https:\/\/bilbaogazte.bilbao.eus\/es\/wp-json\/wp\/v2\/pages\/512"}],"wp:attachment":[{"href":"https:\/\/bilbaogazte.bilbao.eus\/es\/wp-json\/wp\/v2\/media?parent=59076"}],"curies":[{"name":"wp","href":"https:\/\/api.w.org\/{rel}","templated":true}]}}